{"id":13094,"date":"2021-04-22T11:17:22","date_gmt":"2021-04-22T15:17:22","guid":{"rendered":"http:\/\/103.72.76.87\/fr\/events\/un-raz-de-maree-pandemique-la-prochaine-crise-de-la-sante-mentale\/"},"modified":"2022-03-24T07:10:02","modified_gmt":"2022-03-24T11:10:02","slug":"un-raz-de-maree-pandemique-la-prochaine-crise-de-la-sante-mentale","status":"publish","type":"events","link":"https:\/\/www.workplaceoptions.com\/fr\/events\/un-raz-de-maree-pandemique-la-prochaine-crise-de-la-sante-mentale\/","title":{"rendered":"Un raz-de-mar\u00e9e pand\u00e9mique&nbsp;: la prochaine crise de la sant\u00e9 mentale"},"content":{"rendered":"<h3>Webinaire Workplace Options et WBN<\/h3>\n<p>Notre webinaire &#8220;A Pandemic Tidal Wave: The Next Crisis in Mental Health&#8221; le mercredi 8 septembre avait pour sujet l&#8217;impact de la prochaine vague de la pand\u00e9mie sur la sant\u00e9 mental, le soutien des employ\u00e9s et les risques de sant\u00e9 mentale au travail, la gestion des d\u00e9fis des salari\u00e9s qui retournent au travail dans un monde post-COVID-19.<\/p>\n<p><a class=\"vbtn\" href=\"https:\/\/www.workplaceoptions.com\/fr\/en\/webinar\/a-pandemic-tidal-wave-the-next-crisis-in-mental-health\/\">Voir l&#8217;enregistrement<\/a><\/p>\n<p>&nbsp;<\/p>\n","protected":false},"featured_media":12528,"template":"","categories":[86],"tags":[108],"topic":[349],"class_list":["post-13094","events","type-events","status-publish","has-post-thumbnail","hentry","category-sante-mentale","tag-webinar-fr","topic-mental-health-2"],"acf":[],"yoast_head":"<!-- This site is optimized with the Yoast SEO Premium plugin v27.4 (Yoast SEO v27.4) - https:\/\/yoast.com\/product\/yoast-seo-premium-wordpress\/ -->\n<title>Un raz-de-mar\u00e9e pand\u00e9mique&nbsp;: la prochaine crise de la sant\u00e9 mentale - Workplace Options - France<\/title>\n<meta name=\"robots\" content=\"index, follow, max-snippet:-1, max-image-preview:large, max-video-preview:-1\" \/>\n<link rel=\"canonical\" href=\"https:\/\/www.workplaceoptions.com\/fr\/events\/un-raz-de-maree-pandemique-la-prochaine-crise-de-la-sante-mentale\/\" \/>\n<meta property=\"og:locale\" content=\"fr_FR\" \/>\n<meta property=\"og:type\" content=\"article\" \/>\n<meta property=\"og:title\" content=\"Un raz-de-mar\u00e9e pand\u00e9mique&nbsp;: la prochaine crise de la sant\u00e9 mentale\" \/>\n<meta property=\"og:description\" content=\"Webinaire Workplace Options et WBN Notre webinaire &#8220;A Pandemic Tidal..\" \/>\n<meta property=\"og:url\" content=\"https:\/\/www.workplaceoptions.com\/fr\/events\/un-raz-de-maree-pandemique-la-prochaine-crise-de-la-sante-mentale\/\" \/>\n<meta property=\"og:site_name\" content=\"Workplace Options - France\" \/>\n<meta property=\"article:publisher\" content=\"https:\/\/www.facebook.com\/workplaceoptions\" \/>\n<meta property=\"article:modified_time\" content=\"2022-03-24T11:10:02+00:00\" \/>\n<meta property=\"og:image\" content=\"https:\/\/www.workplaceoptions.com\/fr\/wp-content\/uploads\/sites\/26\/2021\/09\/A-Pandemic-Wave.jpg\" \/>\n\t<meta property=\"og:image:width\" content=\"1280\" \/>\n\t<meta property=\"og:image:height\" content=\"720\" \/>\n\t<meta property=\"og:image:type\" content=\"image\/jpeg\" \/>\n<meta name=\"twitter:card\" content=\"summary_large_image\" \/>\n<meta name=\"twitter:site\" content=\"@WorkplaceOption\" \/>\n<meta name=\"twitter:label1\" content=\"Dur\u00e9e de lecture estim\u00e9e\" \/>\n\t<meta name=\"twitter:data1\" content=\"1 minute\" \/>\n<script type=\"application\/ld+json\" class=\"yoast-schema-graph\">{\"@context\":\"https:\\\/\\\/schema.org\",\"@graph\":[{\"@type\":\"WebPage\",\"@id\":\"https:\\\/\\\/www.workplaceoptions.com\\\/fr\\\/events\\\/un-raz-de-maree-pandemique-la-prochaine-crise-de-la-sante-mentale\\\/\",\"url\":\"https:\\\/\\\/www.workplaceoptions.com\\\/fr\\\/events\\\/un-raz-de-maree-pandemique-la-prochaine-crise-de-la-sante-mentale\\\/\",\"name\":\"Un raz-de-mar\u00e9e pand\u00e9mique&nbsp;: la prochaine crise de la sant\u00e9 mentale - Workplace Options - France\",\"isPartOf\":{\"@id\":\"https:\\\/\\\/www.workplaceoptions.com\\\/fr\\\/#website\"},\"primaryImageOfPage\":{\"@id\":\"https:\\\/\\\/www.workplaceoptions.com\\\/fr\\\/events\\\/un-raz-de-maree-pandemique-la-prochaine-crise-de-la-sante-mentale\\\/#primaryimage\"},\"image\":{\"@id\":\"https:\\\/\\\/www.workplaceoptions.com\\\/fr\\\/events\\\/un-raz-de-maree-pandemique-la-prochaine-crise-de-la-sante-mentale\\\/#primaryimage\"},\"thumbnailUrl\":\"https:\\\/\\\/www.workplaceoptions.com\\\/fr\\\/wp-content\\\/uploads\\\/sites\\\/26\\\/2021\\\/09\\\/A-Pandemic-Wave.jpg\",\"datePublished\":\"2021-04-22T15:17:22+00:00\",\"dateModified\":\"2022-03-24T11:10:02+00:00\",\"breadcrumb\":{\"@id\":\"https:\\\/\\\/www.workplaceoptions.com\\\/fr\\\/events\\\/un-raz-de-maree-pandemique-la-prochaine-crise-de-la-sante-mentale\\\/#breadcrumb\"},\"inLanguage\":\"fr-FR\",\"potentialAction\":[{\"@type\":\"ReadAction\",\"target\":[\"https:\\\/\\\/www.workplaceoptions.com\\\/fr\\\/events\\\/un-raz-de-maree-pandemique-la-prochaine-crise-de-la-sante-mentale\\\/\"]}]},{\"@type\":\"ImageObject\",\"inLanguage\":\"fr-FR\",\"@id\":\"https:\\\/\\\/www.workplaceoptions.com\\\/fr\\\/events\\\/un-raz-de-maree-pandemique-la-prochaine-crise-de-la-sante-mentale\\\/#primaryimage\",\"url\":\"https:\\\/\\\/www.workplaceoptions.com\\\/fr\\\/wp-content\\\/uploads\\\/sites\\\/26\\\/2021\\\/09\\\/A-Pandemic-Wave.jpg\",\"contentUrl\":\"https:\\\/\\\/www.workplaceoptions.com\\\/fr\\\/wp-content\\\/uploads\\\/sites\\\/26\\\/2021\\\/09\\\/A-Pandemic-Wave.jpg\",\"width\":1280,\"height\":720},{\"@type\":\"BreadcrumbList\",\"@id\":\"https:\\\/\\\/www.workplaceoptions.com\\\/fr\\\/events\\\/un-raz-de-maree-pandemique-la-prochaine-crise-de-la-sante-mentale\\\/#breadcrumb\",\"itemListElement\":[{\"@type\":\"ListItem\",\"position\":1,\"name\":\"Home\",\"item\":\"https:\\\/\\\/www.workplaceoptions.com\\\/fr\\\/\"},{\"@type\":\"ListItem\",\"position\":2,\"name\":\"Un raz-de-mar\u00e9e pand\u00e9mique&nbsp;: la prochaine crise de la sant\u00e9 mentale\"}]},{\"@type\":\"WebSite\",\"@id\":\"https:\\\/\\\/www.workplaceoptions.com\\\/fr\\\/#website\",\"url\":\"https:\\\/\\\/www.workplaceoptions.com\\\/fr\\\/\",\"name\":\"Workplace Options - France\",\"description\":\"Nous offrons un soutien complet en mati\u00e8re de bien-\u00eatre \u00e0 votre organisation\",\"publisher\":{\"@id\":\"https:\\\/\\\/www.workplaceoptions.com\\\/fr\\\/#organization\"},\"potentialAction\":[{\"@type\":\"SearchAction\",\"target\":{\"@type\":\"EntryPoint\",\"urlTemplate\":\"https:\\\/\\\/www.workplaceoptions.com\\\/fr\\\/?s={search_term_string}\"},\"query-input\":{\"@type\":\"PropertyValueSpecification\",\"valueRequired\":true,\"valueName\":\"search_term_string\"}}],\"inLanguage\":\"fr-FR\"},{\"@type\":[\"Organization\",\"Place\"],\"@id\":\"https:\\\/\\\/www.workplaceoptions.com\\\/fr\\\/#organization\",\"name\":\"Workplace Options - France\",\"url\":\"https:\\\/\\\/www.workplaceoptions.com\\\/fr\\\/\",\"logo\":{\"@id\":\"https:\\\/\\\/www.workplaceoptions.com\\\/fr\\\/events\\\/un-raz-de-maree-pandemique-la-prochaine-crise-de-la-sante-mentale\\\/#local-main-organization-logo\"},\"image\":{\"@id\":\"https:\\\/\\\/www.workplaceoptions.com\\\/fr\\\/events\\\/un-raz-de-maree-pandemique-la-prochaine-crise-de-la-sante-mentale\\\/#local-main-organization-logo\"},\"sameAs\":[\"https:\\\/\\\/www.facebook.com\\\/workplaceoptions\",\"https:\\\/\\\/x.com\\\/WorkplaceOption\",\"https:\\\/\\\/www.linkedin.com\\\/company\\\/workplace-options\\\/\"],\"telephone\":[],\"openingHoursSpecification\":[{\"@type\":\"OpeningHoursSpecification\",\"dayOfWeek\":[\"Monday\",\"Tuesday\",\"Wednesday\",\"Thursday\",\"Friday\",\"Saturday\",\"Sunday\"],\"opens\":\"09:00\",\"closes\":\"17:00\"}]},{\"@type\":\"ImageObject\",\"inLanguage\":\"fr-FR\",\"@id\":\"https:\\\/\\\/www.workplaceoptions.com\\\/fr\\\/events\\\/un-raz-de-maree-pandemique-la-prochaine-crise-de-la-sante-mentale\\\/#local-main-organization-logo\",\"url\":\"https:\\\/\\\/www.workplaceoptions.com\\\/fr\\\/wp-content\\\/uploads\\\/sites\\\/26\\\/2022\\\/01\\\/WPO-logo-1.svg\",\"contentUrl\":\"https:\\\/\\\/www.workplaceoptions.com\\\/fr\\\/wp-content\\\/uploads\\\/sites\\\/26\\\/2022\\\/01\\\/WPO-logo-1.svg\",\"width\":301,\"height\":79,\"caption\":\"Workplace Options - France\"}]}<\/script>\n<!-- \/ Yoast SEO Premium plugin. -->","yoast_head_json":{"title":"Un raz-de-mar\u00e9e pand\u00e9mique&nbsp;: la prochaine crise de la sant\u00e9 mentale - Workplace Options - France","robots":{"index":"index","follow":"follow","max-snippet":"max-snippet:-1","max-image-preview":"max-image-preview:large","max-video-preview":"max-video-preview:-1"},"canonical":"https:\/\/www.workplaceoptions.com\/fr\/events\/un-raz-de-maree-pandemique-la-prochaine-crise-de-la-sante-mentale\/","og_locale":"fr_FR","og_type":"article","og_title":"Un raz-de-mar\u00e9e pand\u00e9mique&nbsp;: la prochaine crise de la sant\u00e9 mentale","og_description":"Webinaire Workplace Options et WBN Notre webinaire &#8220;A Pandemic Tidal..","og_url":"https:\/\/www.workplaceoptions.com\/fr\/events\/un-raz-de-maree-pandemique-la-prochaine-crise-de-la-sante-mentale\/","og_site_name":"Workplace Options - France","article_publisher":"https:\/\/www.facebook.com\/workplaceoptions","article_modified_time":"2022-03-24T11:10:02+00:00","og_image":[{"width":1280,"height":720,"url":"https:\/\/www.workplaceoptions.com\/fr\/wp-content\/uploads\/sites\/26\/2021\/09\/A-Pandemic-Wave.jpg","type":"image\/jpeg"}],"twitter_card":"summary_large_image","twitter_site":"@WorkplaceOption","twitter_misc":{"Dur\u00e9e de lecture estim\u00e9e":"1 minute"},"schema":{"@context":"https:\/\/schema.org","@graph":[{"@type":"WebPage","@id":"https:\/\/www.workplaceoptions.com\/fr\/events\/un-raz-de-maree-pandemique-la-prochaine-crise-de-la-sante-mentale\/","url":"https:\/\/www.workplaceoptions.com\/fr\/events\/un-raz-de-maree-pandemique-la-prochaine-crise-de-la-sante-mentale\/","name":"Un raz-de-mar\u00e9e pand\u00e9mique&nbsp;: la prochaine crise de la sant\u00e9 mentale - Workplace Options - France","isPartOf":{"@id":"https:\/\/www.workplaceoptions.com\/fr\/#website"},"primaryImageOfPage":{"@id":"https:\/\/www.workplaceoptions.com\/fr\/events\/un-raz-de-maree-pandemique-la-prochaine-crise-de-la-sante-mentale\/#primaryimage"},"image":{"@id":"https:\/\/www.workplaceoptions.com\/fr\/events\/un-raz-de-maree-pandemique-la-prochaine-crise-de-la-sante-mentale\/#primaryimage"},"thumbnailUrl":"https:\/\/www.workplaceoptions.com\/fr\/wp-content\/uploads\/sites\/26\/2021\/09\/A-Pandemic-Wave.jpg","datePublished":"2021-04-22T15:17:22+00:00","dateModified":"2022-03-24T11:10:02+00:00","breadcrumb":{"@id":"https:\/\/www.workplaceoptions.com\/fr\/events\/un-raz-de-maree-pandemique-la-prochaine-crise-de-la-sante-mentale\/#breadcrumb"},"inLanguage":"fr-FR","potentialAction":[{"@type":"ReadAction","target":["https:\/\/www.workplaceoptions.com\/fr\/events\/un-raz-de-maree-pandemique-la-prochaine-crise-de-la-sante-mentale\/"]}]},{"@type":"ImageObject","inLanguage":"fr-FR","@id":"https:\/\/www.workplaceoptions.com\/fr\/events\/un-raz-de-maree-pandemique-la-prochaine-crise-de-la-sante-mentale\/#primaryimage","url":"https:\/\/www.workplaceoptions.com\/fr\/wp-content\/uploads\/sites\/26\/2021\/09\/A-Pandemic-Wave.jpg","contentUrl":"https:\/\/www.workplaceoptions.com\/fr\/wp-content\/uploads\/sites\/26\/2021\/09\/A-Pandemic-Wave.jpg","width":1280,"height":720},{"@type":"BreadcrumbList","@id":"https:\/\/www.workplaceoptions.com\/fr\/events\/un-raz-de-maree-pandemique-la-prochaine-crise-de-la-sante-mentale\/#breadcrumb","itemListElement":[{"@type":"ListItem","position":1,"name":"Home","item":"https:\/\/www.workplaceoptions.com\/fr\/"},{"@type":"ListItem","position":2,"name":"Un raz-de-mar\u00e9e pand\u00e9mique&nbsp;: la prochaine crise de la sant\u00e9 mentale"}]},{"@type":"WebSite","@id":"https:\/\/www.workplaceoptions.com\/fr\/#website","url":"https:\/\/www.workplaceoptions.com\/fr\/","name":"Workplace Options - France","description":"Nous offrons un soutien complet en mati\u00e8re de bien-\u00eatre \u00e0 votre organisation","publisher":{"@id":"https:\/\/www.workplaceoptions.com\/fr\/#organization"},"potentialAction":[{"@type":"SearchAction","target":{"@type":"EntryPoint","urlTemplate":"https:\/\/www.workplaceoptions.com\/fr\/?s={search_term_string}"},"query-input":{"@type":"PropertyValueSpecification","valueRequired":true,"valueName":"search_term_string"}}],"inLanguage":"fr-FR"},{"@type":["Organization","Place"],"@id":"https:\/\/www.workplaceoptions.com\/fr\/#organization","name":"Workplace Options - France","url":"https:\/\/www.workplaceoptions.com\/fr\/","logo":{"@id":"https:\/\/www.workplaceoptions.com\/fr\/events\/un-raz-de-maree-pandemique-la-prochaine-crise-de-la-sante-mentale\/#local-main-organization-logo"},"image":{"@id":"https:\/\/www.workplaceoptions.com\/fr\/events\/un-raz-de-maree-pandemique-la-prochaine-crise-de-la-sante-mentale\/#local-main-organization-logo"},"sameAs":["https:\/\/www.facebook.com\/workplaceoptions","https:\/\/x.com\/WorkplaceOption","https:\/\/www.linkedin.com\/company\/workplace-options\/"],"telephone":[],"openingHoursSpecification":[{"@type":"OpeningHoursSpecification","dayOfWeek":["Monday","Tuesday","Wednesday","Thursday","Friday","Saturday","Sunday"],"opens":"09:00","closes":"17:00"}]},{"@type":"ImageObject","inLanguage":"fr-FR","@id":"https:\/\/www.workplaceoptions.com\/fr\/events\/un-raz-de-maree-pandemique-la-prochaine-crise-de-la-sante-mentale\/#local-main-organization-logo","url":"https:\/\/www.workplaceoptions.com\/fr\/wp-content\/uploads\/sites\/26\/2022\/01\/WPO-logo-1.svg","contentUrl":"https:\/\/www.workplaceoptions.com\/fr\/wp-content\/uploads\/sites\/26\/2022\/01\/WPO-logo-1.svg","width":301,"height":79,"caption":"Workplace Options - France"}]}},"_links":{"self":[{"href":"https:\/\/www.workplaceoptions.com\/fr\/wp-json\/wp\/v2\/events\/13094","targetHints":{"allow":["GET"]}}],"collection":[{"href":"https:\/\/www.workplaceoptions.com\/fr\/wp-json\/wp\/v2\/events"}],"about":[{"href":"https:\/\/www.workplaceoptions.com\/fr\/wp-json\/wp\/v2\/types\/events"}],"wp:featuredmedia":[{"embeddable":true,"href":"https:\/\/www.workplaceoptions.com\/fr\/wp-json\/wp\/v2\/media\/12528"}],"wp:attachment":[{"href":"https:\/\/www.workplaceoptions.com\/fr\/wp-json\/wp\/v2\/media?parent=13094"}],"wp:term":[{"taxonomy":"category","embeddable":true,"href":"https:\/\/www.workplaceoptions.com\/fr\/wp-json\/wp\/v2\/categories?post=13094"},{"taxonomy":"post_tag","embeddable":true,"href":"https:\/\/www.workplaceoptions.com\/fr\/wp-json\/wp\/v2\/tags?post=13094"},{"taxonomy":"topic","embeddable":true,"href":"https:\/\/www.workplaceoptions.com\/fr\/wp-json\/wp\/v2\/topic?post=13094"}],"curies":[{"name":"wp","href":"https:\/\/api.w.org\/{rel}","templated":true}]}}